{"id":19,"date":"2025-06-05T17:29:30","date_gmt":"2025-06-05T17:29:30","guid":{"rendered":"https:\/\/climaclever.cl\/?page_id=19"},"modified":"2025-06-05T17:50:25","modified_gmt":"2025-06-05T17:50:25","slug":"home-2","status":"publish","type":"page","link":"https:\/\/climaclever.cl\/","title":{"rendered":"Home"},"content":{"rendered":"\n<div class=\"wp-block-uagb-container uagb-block-e9298bfb alignfull uagb-is-root-container\"><div class=\"uagb-container-inner-blocks-wrap\">\n<div class=\"wp-block-uagb-container uagb-block-aa7337b2\">\n<div class=\"wp-block-uagb-info-box uagb-block-319823a9 uagb-infobox__content-wrap  uagb-infobox-icon-above-title uagb-infobox-image-valign-top\"><div class=\"uagb-ifb-content\"><div class=\"uagb-ifb-title-wrap\"><h1 class=\"uagb-ifb-title\">Soluciones de Climatizaci\u00f3n Inteligente<\/h1><\/div><p class=\"uagb-ifb-desc\">En Clima Clever ofrecemos tecnolog\u00edas avanzadas en refrigeraci\u00f3n y climatizaci\u00f3n, garantizando ambientes confortables y equipos eficientes para el sector gastron\u00f3mico en todo Chile.<\/p><div class=\"uagb-ifb-button-wrapper wp-block-button\"><a href=\"contact\/\" class=\"uagb-infobox-cta-link wp-block-button__link\" target=\"_self\" rel=\"noopener noreferrer\" onclick=\"return true;\"><span class=\"uagb-inline-editing\">Cont\u00e1ctanos Ahora<\/span><\/a><\/div><\/div><\/div>\n<\/div>\n\n\n\n<div class=\"wp-block-uagb-container uagb-block-03ef1082\">\n<div class=\"wp-block-uagb-image alignleft uagb-block-6d365edb wp-block-uagb-image--layout-default wp-block-uagb-image--effect-static wp-block-uagb-image--align-left\"><figure class=\"wp-block-uagb-image__figure\"><img decoding=\"async\" srcset=\"https:\/\/climaclever.cl\/wp-content\/uploads\/2025\/06\/turned-on-black-flat-screen-monitor-on-white-wooden-table-and-chairs-3316924-683x1024.jpeg ,https:\/\/climaclever.cl\/wp-content\/uploads\/2025\/06\/turned-on-black-flat-screen-monitor-on-white-wooden-table-and-chairs-3316924.jpeg 780w, https:\/\/climaclever.cl\/wp-content\/uploads\/2025\/06\/turned-on-black-flat-screen-monitor-on-white-wooden-table-and-chairs-3316924.jpeg 360w\" sizes=\"auto, (max-width: 480px) 150px\" src=\"https:\/\/climaclever.cl\/wp-content\/uploads\/2025\/06\/turned-on-black-flat-screen-monitor-on-white-wooden-table-and-chairs-3316924-683x1024.jpeg\" alt=\"Elegant modern office interior featuring a sleek desk, chairs, and ambient lighting for a sophisticated environment.\" class=\"uag-image-964\" width=\"560\" height=\"500\" title=\"turned-on-black-flat-screen-monitor-on-white-wooden-table-and-chairs-3316924\" loading=\"lazy\" role=\"img\"\/><\/figure><\/div>\n<\/div>\n<\/div><\/div>\n\n\n\n<div class=\"wp-block-uagb-container uagb-block-9e84cdc4 alignfull uagb-is-root-container\"><div class=\"uagb-container-inner-blocks-wrap\">\n<div class=\"wp-block-uagb-container uagb-block-a2013e3d\">\n<div class=\"wp-block-uagb-image alignleft uagb-block-f3be6002 wp-block-uagb-image--layout-default wp-block-uagb-image--effect-static wp-block-uagb-image--align-left\"><figure class=\"wp-block-uagb-image__figure\"><img decoding=\"async\" srcset=\"https:\/\/climaclever.cl\/wp-content\/uploads\/2025\/06\/open-space-office-with-tables-and-chairs-6794925-1024x683.jpeg ,https:\/\/climaclever.cl\/wp-content\/uploads\/2025\/06\/open-space-office-with-tables-and-chairs-6794925.jpeg 780w, https:\/\/climaclever.cl\/wp-content\/uploads\/2025\/06\/open-space-office-with-tables-and-chairs-6794925.jpeg 360w\" sizes=\"auto, (max-width: 480px) 150px\" src=\"https:\/\/climaclever.cl\/wp-content\/uploads\/2025\/06\/open-space-office-with-tables-and-chairs-6794925-1024x683.jpeg\" alt=\"Spacious and modern office interior with sleek furniture and bright lighting.\" class=\"uag-image-963\" width=\"550\" height=\"418\" title=\"open-space-office-with-tables-and-chairs-6794925\" loading=\"lazy\" role=\"img\"\/><\/figure><\/div>\n<\/div>\n\n\n\n<div class=\"wp-block-uagb-container uagb-block-158aba44\">\n<div class=\"wp-block-uagb-advanced-heading uagb-block-844f4164\"><h2 class=\"uagb-heading-text\">Con\u00f3cenos Mejor<\/h2><p class=\"uagb-desc-text\">Clima Clever es tu aliado en soluciones de refrigeraci\u00f3n y climatizaci\u00f3n. Con un equipo apasionado y a\u00f1os de experiencia, garantizamos productos y servicios de alta calidad para tu comodidad y satisfacci\u00f3n.<\/p><\/div>\n\n\n\n<div class=\"wp-block-uagb-container uagb-block-6c0b9f64\">\n<div class=\"wp-block-uagb-counter uagb-block-10979aef wp-block-uagb-counter--number\"><div class=\"wp-block-uagb-counter__number\"><span class=\"uagb-counter-block-number\" data-duration=\"1.5\" data-to-value=\"20\" data-from-value=\"0\" data-delimiter=\",\"><\/span><span class=\"uagb-counter-block-suffix\">+<\/span><\/div><div class=\"wp-block-uagb-counter__title\">A\u00f1os de experiencia<\/div><\/div>\n\n\n\n<div class=\"wp-block-uagb-counter uagb-block-793ba774 wp-block-uagb-counter--number\"><div class=\"wp-block-uagb-counter__number\"><span class=\"uagb-counter-block-number\" data-duration=\"1.5\" data-to-value=\"15\" data-from-value=\"0\" data-delimiter=\",\"><\/span><span class=\"uagb-counter-block-suffix\">+<\/span><\/div><div class=\"wp-block-uagb-counter__title\">Miembros del equipo<\/div><\/div>\n\n\n\n<div class=\"wp-block-uagb-counter uagb-block-1fb05ceb wp-block-uagb-counter--number\"><div class=\"wp-block-uagb-counter__number\"><span class=\"uagb-counter-block-number\" data-duration=\"1.5\" data-to-value=\"10\" data-from-value=\"0\" data-delimiter=\",\"><\/span><span class=\"uagb-counter-block-suffix\">+<\/span><\/div><div class=\"wp-block-uagb-counter__title\">Premios ganados<\/div><\/div>\n<\/div>\n\n\n\n<div class=\"wp-block-uagb-buttons uagb-buttons__outer-wrap uagb-btn__default-btn uagb-btn-tablet__default-btn uagb-btn-mobile__default-btn uagb-block-f1e4eb8d\"><div class=\"uagb-buttons__wrap uagb-buttons-layout-wrap \">\n<div class=\"wp-block-uagb-buttons-child uagb-buttons__outer-wrap uagb-block-a14d830a wp-block-button\"><div class=\"uagb-button__wrapper\"><a class=\"uagb-buttons-repeater wp-block-button__link\" aria-label=\"\" href=\"about-us\/\" rel=\"follow noopener\" target=\"_self\" role=\"button\"><div class=\"uagb-button__link\">Leer m\u00e1s<\/div><\/a><\/div><\/div>\n<\/div><\/div>\n<\/div>\n<\/div><\/div>\n\n\n\n<div class=\"wp-block-uagb-container uagb-block-39e7ab38 alignfull uagb-is-root-container\"><div class=\"uagb-container-inner-blocks-wrap\">\n<div class=\"wp-block-uagb-advanced-heading uagb-block-3b7aaf1b\"><h2 class=\"uagb-heading-text\">Nuestros Servicios Especializados<\/h2><p class=\"uagb-desc-text\">Descubre nuestra gama de servicios en refrigeraci\u00f3n y climatizaci\u00f3n, dise\u00f1ados para optimizar tus espacios y mejorar la eficiencia de tus equipos gastron\u00f3micos.<\/p><\/div>\n\n\n\n<div class=\"wp-block-uagb-container uagb-block-0e050199\">\n<div class=\"wp-block-uagb-container uagb-block-7601768f\">\n<div class=\"wp-block-uagb-container uagb-block-98a734cc\"><\/div>\n\n\n\n<div class=\"wp-block-uagb-container uagb-block-f328f6e0\">\n<div class=\"wp-block-uagb-info-box uagb-block-46951895 uagb-infobox__content-wrap  uagb-infobox-icon-above-title uagb-infobox-image-valign-top\"><div class=\"uagb-ifb-content\"><div class=\"uagb-ifb-title-wrap\"><h3 class=\"uagb-ifb-title\">Refrigeraci\u00f3n Comercial<\/h3><\/div><p class=\"uagb-ifb-desc\">Suministramos sistemas de refrigeraci\u00f3n eficientes para diversos sectores comerciales y de alimentos.<\/p><div class=\"uagb-ifb-button-wrapper wp-block-button\"><a href=\"services\/\" class=\"uagb-infobox-cta-link wp-block-button__link\" target=\"_self\" rel=\"noopener noreferrer\" onclick=\"return true;\"><span class=\"uagb-inline-editing\">Leer m\u00e1s<\/span><\/a><\/div><\/div><\/div>\n<\/div>\n<\/div>\n\n\n\n<div class=\"wp-block-uagb-container uagb-block-e53ada75\">\n<div class=\"wp-block-uagb-container uagb-block-afb08024\"><\/div>\n\n\n\n<div class=\"wp-block-uagb-container uagb-block-65ac6715\">\n<div class=\"wp-block-uagb-info-box uagb-block-e9ca4dc8 uagb-infobox__content-wrap  uagb-infobox-icon-above-title uagb-infobox-image-valign-top\"><div class=\"uagb-ifb-content\"><div class=\"uagb-ifb-title-wrap\"><h3 class=\"uagb-ifb-title\">Climatizaci\u00f3n de Ambientes<\/h3><\/div><p class=\"uagb-ifb-desc\">Dise\u00f1amos e instalamos sistemas de climatizaci\u00f3n que aseguran el confort en cualquier espacio.<\/p><div class=\"uagb-ifb-button-wrapper wp-block-button\"><a href=\"services\/\" class=\"uagb-infobox-cta-link wp-block-button__link\" target=\"_self\" rel=\"noopener noreferrer\" onclick=\"return true;\"><span class=\"uagb-inline-editing\">Leer m\u00e1s<\/span><\/a><\/div><\/div><\/div>\n<\/div>\n<\/div>\n<\/div>\n\n\n\n<div class=\"wp-block-uagb-container uagb-block-3f0ddaf9\">\n<div class=\"wp-block-uagb-container uagb-block-22634e9a\">\n<div class=\"wp-block-uagb-container uagb-block-b7f5374f\"><\/div>\n\n\n\n<div class=\"wp-block-uagb-container uagb-block-f75383ae\">\n<div class=\"wp-block-uagb-info-box uagb-block-46183cdf uagb-infobox__content-wrap  uagb-infobox-icon-above-title uagb-infobox-image-valign-top\"><div class=\"uagb-ifb-content\"><div class=\"uagb-ifb-title-wrap\"><h3 class=\"uagb-ifb-title\">Equipos Gastron\u00f3micos<\/h3><\/div><p class=\"uagb-ifb-desc\">Proporcionamos equipos de cocina de alta calidad para satisfacer las exigencias de la industria alimentaria.<\/p><div class=\"uagb-ifb-button-wrapper wp-block-button\"><a href=\"services\/\" class=\"uagb-infobox-cta-link wp-block-button__link\" target=\"_self\" rel=\"noopener noreferrer\" onclick=\"return true;\"><span class=\"uagb-inline-editing\">Leer m\u00e1s<\/span><\/a><\/div><\/div><\/div>\n<\/div>\n<\/div>\n\n\n\n<div class=\"wp-block-uagb-container uagb-block-cf2e9a43\">\n<div class=\"wp-block-uagb-container uagb-block-562e4c01\"><\/div>\n\n\n\n<div class=\"wp-block-uagb-container uagb-block-df91583a\">\n<div class=\"wp-block-uagb-info-box uagb-block-ff21f8d2 uagb-infobox__content-wrap  uagb-infobox-icon-above-title uagb-infobox-image-valign-top\"><div class=\"uagb-ifb-content\"><div class=\"uagb-ifb-title-wrap\"><h3 class=\"uagb-ifb-title\">Mantenimiento Preventivo<\/h3><\/div><p class=\"uagb-ifb-desc\">Realizamos mantenimientos peri\u00f3dicos para asegurar un rendimiento \u00f3ptimo de los equipos y prolongar su vida \u00fatil.<\/p><div class=\"uagb-ifb-button-wrapper wp-block-button\"><a href=\"services\/\" class=\"uagb-infobox-cta-link wp-block-button__link\" target=\"_self\" rel=\"noopener noreferrer\" onclick=\"return true;\"><span class=\"uagb-inline-editing\">Leer m\u00e1s<\/span><\/a><\/div><\/div><\/div>\n<\/div>\n<\/div>\n<\/div>\n<\/div><\/div>\n\n\n\n<div class=\"wp-block-uagb-container uagb-block-b3be08a3 alignfull uagb-is-root-container\"><div class=\"uagb-container-inner-blocks-wrap\">\n<div class=\"wp-block-uagb-container uagb-block-8c25b3a1\">\n<div class=\"wp-block-uagb-advanced-heading uagb-block-dbdd95c2\"><h2 class=\"uagb-heading-text\">Solicita Tu Presupuesto<\/h2><p class=\"uagb-desc-text\">Ponte en contacto con nosotros para obtener un presupuesto personalizado y sin compromiso. Estamos aqu\u00ed para ayudarte a encontrar la mejor soluci\u00f3n para tus necesidades.<\/p><\/div>\n\n\n\n<div class=\"wp-block-uagb-container uagb-block-203dd967\">\n<div class=\"wp-block-uagb-buttons uagb-buttons__outer-wrap uagb-btn__default-btn uagb-btn-tablet__default-btn uagb-btn-mobile__default-btn uagb-block-89e9ad77\"><div class=\"uagb-buttons__wrap uagb-buttons-layout-wrap \">\n<div class=\"wp-block-uagb-buttons-child uagb-buttons__outer-wrap uagb-block-2d431a36 wp-block-button\"><div class=\"uagb-button__wrapper\"><a class=\"uagb-buttons-repeater wp-block-button__link\" aria-label=\"\" href=\"contact\/\" rel=\"follow noopener\" target=\"_self\" role=\"button\"><div class=\"uagb-button__link\">Cont\u00e1ctanos Ahora<\/div><\/a><\/div><\/div>\n<\/div><\/div>\n<\/div>\n<\/div>\n<\/div><\/div>\n\n\n\n<div class=\"wp-block-uagb-container uagb-block-be67e293 alignfull uagb-is-root-container\"><div class=\"uagb-container-inner-blocks-wrap\">\n<div class=\"wp-block-uagb-advanced-heading uagb-block-4d15607c\"><h2 class=\"uagb-heading-text\">Lo que dicen nuestros clientes<\/h2><p class=\"uagb-desc-text\">Experiencias positivas con Clima Clever y su servicio<\/p><\/div>\n\n\n\n<div class=\"wp-block-uagb-container uagb-block-088b1a41\">\n<div class=\"wp-block-uagb-container uagb-block-3436c90a\">\n<div class=\"wp-block-uagb-star-rating uagb-block-f1c48aa1\"><div class=\"uag-star-rating\" title=\"5\/5\"><span class=\"uag-star\">\u2605<\/span><span class=\"uag-star\">\u2605<\/span><span class=\"uag-star\">\u2605<\/span><span class=\"uag-star\">\u2605<\/span><span class=\"uag-star\">\u2605<\/span><\/div><\/div>\n\n\n\n<div class=\"wp-block-uagb-testimonial uagb-slick-carousel uagb-tm__arrow-outside uagb-block-2c8c1dba uagb-post__carousel_notset uagb-post__carousel_notset-tablet uagb-post__carousel_notset-mobile\"><div class=\"is-carousel uagb-tm__columns-1 uagb-tm__items\"><div class=\"uagb-testimonial__wrap  uagb-tm__imgicon-style-circle uagb-tm__image-position-bottom uagb-tm__bg-type-none \"><div class=\"uagb-tm__content\"><div class=\"uagb-tm__overlay\"><\/div><div class=\"uagb-tm__text-wrap\"><div class=\"uagb-tm__desc\">Clima Clever ha transformado nuestro restaurante, mejorando la refrigeraci\u00f3n y el confort. Su servicio es realmente impecable y profesional.<\/div><div class=\"uagb-tm__meta-inner\"><div class=\"uagb-tm__image-content\"><div class=\"uagb-tm__image\"><img decoding=\"async\" class=\"uagb-tm-img-src\" src=\"https:\/\/climaclever.cl\/wp-content\/uploads\/2023\/09\/testimonial-skip-01.jpg\" alt=\"\" width=\"60\" height=\"60\" loading=\"lazy\"\/><\/div><\/div><div class=\"uagb-testimonial-details\"><span class=\"uagb-tm__author-name\">Pedro Gonz\u00e1lez<\/span><span class=\"uagb-tm__company\"><\/span><\/div><\/div><\/div><\/div><\/div><\/div><\/div>\n<\/div>\n\n\n\n<div class=\"wp-block-uagb-container uagb-block-b993fab7\">\n<div class=\"wp-block-uagb-star-rating uagb-block-208cde9f\"><div class=\"uag-star-rating\" title=\"5\/5\"><span class=\"uag-star\">\u2605<\/span><span class=\"uag-star\">\u2605<\/span><span class=\"uag-star\">\u2605<\/span><span class=\"uag-star\">\u2605<\/span><span class=\"uag-star\">\u2605<\/span><\/div><\/div>\n\n\n\n<div class=\"wp-block-uagb-testimonial uagb-slick-carousel uagb-tm__arrow-outside uagb-block-a7f4a50a uagb-post__carousel_notset uagb-post__carousel_notset-tablet uagb-post__carousel_notset-mobile\"><div class=\"is-carousel uagb-tm__columns-1 uagb-tm__items\"><div class=\"uagb-testimonial__wrap  uagb-tm__imgicon-style-circle uagb-tm__image-position-bottom uagb-tm__bg-type-none \"><div class=\"uagb-tm__content\"><div class=\"uagb-tm__overlay\"><\/div><div class=\"uagb-tm__text-wrap\"><div class=\"uagb-tm__desc\">La atenci\u00f3n personalizada de Clima Clever nos brind\u00f3 soluciones r\u00e1pidas y efectivas. Definitivamente, volveremos a confiar en ellos.<\/div><div class=\"uagb-tm__meta-inner\"><div class=\"uagb-tm__image-content\"><div class=\"uagb-tm__image\"><img decoding=\"async\" class=\"uagb-tm-img-src\" src=\"https:\/\/climaclever.cl\/wp-content\/uploads\/2023\/09\/testimonial-skip-02.jpg\" alt=\"\" width=\"60\" height=\"60\" loading=\"lazy\"\/><\/div><\/div><div class=\"uagb-testimonial-details\"><span class=\"uagb-tm__author-name\">Jorge P\u00e9rez<\/span><span class=\"uagb-tm__company\"><\/span><\/div><\/div><\/div><\/div><\/div><\/div><\/div>\n<\/div>\n<\/div>\n<\/div><\/div>\n\n\n\n<div class=\"wp-block-uagb-container uagb-block-ad318661 alignfull uagb-is-root-container\"><div class=\"uagb-container-inner-blocks-wrap\">\n<div class=\"wp-block-uagb-advanced-heading uagb-block-bda0900f\"><h2 class=\"uagb-heading-text\">Lo que nos hace \u00fanicos<\/h2><p class=\"uagb-desc-text\">Compromiso con la calidad y la innovaci\u00f3n<\/p><\/div>\n\n\n\n<div class=\"wp-block-uagb-container uagb-block-a6ae93f1\">\n<div class=\"wp-block-uagb-info-box uagb-block-9db91d30 uagb-infobox__content-wrap  uagb-infobox-icon-above-title uagb-infobox-image-valign-top\"><div class=\"uagb-ifb-content\"><div class=\"uagb-ifb-title-wrap\"><span class=\"uagb-ifb-title-prefix\">01.<\/span><p class=\"uagb-ifb-title\">Atenci\u00f3n Personalizada<\/p><\/div><p class=\"uagb-ifb-desc\">Ofrecemos un servicio adaptado a las necesidades de cada cliente. Nuestro equipo garantiza una experiencia \u00fanica y satisfactoria en cada visita.<\/p><\/div><\/div>\n\n\n\n<div class=\"wp-block-uagb-info-box uagb-block-62cf9b14 uagb-infobox__content-wrap  uagb-infobox-icon-above-title uagb-infobox-image-valign-top\"><div class=\"uagb-ifb-content\"><div class=\"uagb-ifb-title-wrap\"><span class=\"uagb-ifb-title-prefix\">02.<\/span><p class=\"uagb-ifb-title\">Productos de Alta Calidad<\/p><\/div><p class=\"uagb-ifb-desc\">Trabajamos con los mejores fabricantes del mercado. Cada equipo se selecciona meticulosamente para asegurar durabilidad y eficiencia.<\/p><\/div><\/div>\n\n\n\n<div class=\"wp-block-uagb-info-box uagb-block-43eff4bd uagb-infobox__content-wrap  uagb-infobox-icon-above-title uagb-infobox-image-valign-top\"><div class=\"uagb-ifb-content\"><div class=\"uagb-ifb-title-wrap\"><span class=\"uagb-ifb-title-prefix\">03.<\/span><p class=\"uagb-ifb-title\">Soporte T\u00e9cnico Confiable<\/p><\/div><p class=\"uagb-ifb-desc\">Contamos con un equipo t\u00e9cnico altamente capacitado. Estamos disponibles para resolver cualquier inconveniente de manera r\u00e1pida y eficaz.<\/p><\/div><\/div>\n<\/div>\n<\/div><\/div>\n\n\n\n<div class=\"wp-block-uagb-container uagb-block-74795b04 alignfull uagb-is-root-container\"><div class=\"uagb-container-inner-blocks-wrap\">\n<div class=\"wp-block-uagb-info-box uagb-block-00f0b231 uagb-infobox__content-wrap  uagb-infobox-icon-above-title uagb-infobox-image-valign-top\"><div class=\"uagb-ifb-content\"><div class=\"uagb-ifb-title-wrap\"><h2 class=\"uagb-ifb-title\">\u00a1Da el Primer Paso hoy!<\/h2><\/div><\/div><\/div>\n\n\n\n<div class=\"wp-block-uagb-buttons uagb-buttons__outer-wrap uagb-btn__default-btn uagb-btn-tablet__default-btn uagb-btn-mobile__default-btn uagb-block-32003b56\"><div class=\"uagb-buttons__wrap uagb-buttons-layout-wrap \">\n<div class=\"wp-block-uagb-buttons-child uagb-buttons__outer-wrap uagb-block-85cf7f71 wp-block-button\"><div class=\"uagb-button__wrapper\"><a class=\"uagb-buttons-repeater wp-block-button__link\" aria-label=\"\" href=\"\/contact\/\" rel=\"follow noopener\" target=\"_self\" role=\"button\"><div class=\"uagb-button__link\">Cont\u00e1ctanos Ahora<\/div><\/a><\/div><\/div>\n<\/div><\/div>\n<\/div><\/div>\n","protected":false},"excerpt":{"rendered":"<p>Con\u00f3cenos Mejor Clima Clever es tu aliado en soluciones de refrigeraci\u00f3n y climatizaci\u00f3n. Con un equipo apasionado y a\u00f1os de [&hellip;]<\/p>\n","protected":false},"author":6,"featured_media":0,"parent":0,"menu_order":0,"comment_status":"closed","ping_status":"closed","template":"","meta":{"_uag_custom_page_level_css":"","site-sidebar-layout":"default","site-content-layout":"","ast-site-content-layout":"full-width-container","site-content-style":"default","site-sidebar-style":"default","ast-global-header-display":"","ast-banner-title-visibility":"disabled","ast-main-header-display":"","ast-hfb-above-header-display":"","ast-hfb-below-header-display":"","ast-hfb-mobile-header-display":"","site-post-title":"","ast-breadcrumbs-content":"","ast-featured-img":"","footer-sml-layout":"","ast-disable-related-posts":"","theme-transparent-header-meta":"default","adv-header-id-meta":"","stick-header-meta":"","header-above-stick-meta":"","header-main-stick-meta":"","header-below-stick-meta":"","astra-migrate-meta-layouts":"","ast-page-background-enabled":"default","ast-page-background-meta":{"desktop":{"background-color":"var(--ast-global-color-4)","background-image":"","background-repeat":"repeat","background-position":"center center","background-size":"auto","background-attachment":"scroll","background-type":"","background-media":"","overlay-type":"","overlay-color":"","overlay-opacity":"","overlay-gradient":""},"tablet":{"background-color":"","background-image":"","background-repeat":"repeat","background-position":"center center","background-size":"auto","background-attachment":"scroll","background-type":"","background-media":"","overlay-type":"","overlay-color":"","overlay-opacity":"","overlay-gradient":""},"mobile":{"background-color":"","background-image":"","background-repeat":"repeat","background-position":"center center","background-size":"auto","background-attachment":"scroll","background-type":"","background-media":"","overlay-type":"","overlay-color":"","overlay-opacity":"","overlay-gradient":""}},"ast-content-background-meta":{"desktop":{"background-color":"var(--ast-global-color-5)","background-image":"","background-repeat":"repeat","background-position":"center center","background-size":"auto","background-attachment":"scroll","background-type":"","background-media":"","overlay-type":"","overlay-color":"","overlay-opacity":"","overlay-gradient":""},"tablet":{"background-color":"var(--ast-global-color-5)","background-image":"","background-repeat":"repeat","background-position":"center center","background-size":"auto","background-attachment":"scroll","background-type":"","background-media":"","overlay-type":"","overlay-color":"","overlay-opacity":"","overlay-gradient":""},"mobile":{"background-color":"var(--ast-global-color-5)","background-image":"","background-repeat":"repeat","background-position":"center center","background-size":"auto","background-attachment":"scroll","background-type":"","background-media":"","overlay-type":"","overlay-color":"","overlay-opacity":"","overlay-gradient":""}},"footnotes":""},"class_list":["post-19","page","type-page","status-publish","hentry"],"uagb_featured_image_src":{"full":false,"thumbnail":false,"medium":false,"medium_large":false,"large":false,"1536x1536":false,"2048x2048":false},"uagb_author_info":{"display_name":"uw05ibezngl8","author_link":"https:\/\/climaclever.cl\/?author=6"},"uagb_comment_info":0,"uagb_excerpt":"Con\u00f3cenos Mejor Clima Clever es tu aliado en soluciones de refrigeraci\u00f3n y climatizaci\u00f3n. Con un equipo apasionado y a\u00f1os de [&hellip;]","_links":{"self":[{"href":"https:\/\/climaclever.cl\/index.php?rest_route=\/wp\/v2\/pages\/19","targetHints":{"allow":["GET"]}}],"collection":[{"href":"https:\/\/climaclever.cl\/index.php?rest_route=\/wp\/v2\/pages"}],"about":[{"href":"https:\/\/climaclever.cl\/index.php?rest_route=\/wp\/v2\/types\/page"}],"author":[{"embeddable":true,"href":"https:\/\/climaclever.cl\/index.php?rest_route=\/wp\/v2\/users\/6"}],"replies":[{"embeddable":true,"href":"https:\/\/climaclever.cl\/index.php?rest_route=%2Fwp%2Fv2%2Fcomments&post=19"}],"version-history":[{"count":5,"href":"https:\/\/climaclever.cl\/index.php?rest_route=\/wp\/v2\/pages\/19\/revisions"}],"predecessor-version":[{"id":992,"href":"https:\/\/climaclever.cl\/index.php?rest_route=\/wp\/v2\/pages\/19\/revisions\/992"}],"wp:attachment":[{"href":"https:\/\/climaclever.cl\/index.php?rest_route=%2Fwp%2Fv2%2Fmedia&parent=19"}],"curies":[{"name":"wp","href":"https:\/\/api.w.org\/{rel}","templated":true}]}}